{"id":285,"date":"2024-09-16T16:36:00","date_gmt":"2024-09-16T14:36:00","guid":{"rendered":"https:\/\/chs-containergroup.com\/de\/?page_id=285"},"modified":"2026-02-06T07:12:58","modified_gmt":"2026-02-06T06:12:58","slug":"partner-links","status":"publish","type":"page","link":"https:\/\/chs-containergroup.com\/de\/ueber-uns\/partner-links\/","title":{"rendered":"Partner \/ Links"},"content":{"rendered":"\n<h2 class=\"wp-block-heading\">Unser Netzwerk<\/h2>\n\n\n\n<p>Wir von der CHS Container Group legen gro\u00dfen Wert auf langfristige Bindungen und ein gut funktionierendes Netzwerk. Von der Zusammenarbeit auf produktiver Ebene oder mit fachlichen Verb\u00e4nden bis hin zu sozialen und kulturellen Initiativen \u2013 wir bauen auf Vertrauen und Zuverl\u00e4ssigkeit!<\/p>\n\n\n\n<h3 class=\"wp-block-heading\">Partner<\/h3>\n\n\n\n<div class=\"wp-block-group card-grid is-layout-grid wp-container-core-group-is-layout-baef362d wp-block-group-is-layout-grid\">\n<div class=\"wp-block-group card is-vertical is-content-justification-stretch is-nowrap is-layout-flex wp-container-core-group-is-layout-41f9fede wp-block-group-is-layout-flex\">\n<figure class=\"wp-block-image size-full card-header\"><a href=\"https:\/\/www.elektro-schlesinger.de\/\" target=\"_blank\" rel=\"noopener\"><img fetchpriority=\"high\" decoding=\"async\" width=\"690\" height=\"460\" src=\"https:\/\/chs-containergroup.com\/de\/wp-content\/uploads\/sites\/2\/2024\/11\/HP-Projekte-Bilder-Spezial-5.jpg\" alt=\"Partner Elektro Schlesinger\" class=\"wp-image-1571\" srcset=\"https:\/\/chs-containergroup.com\/de\/wp-content\/uploads\/sites\/2\/2024\/11\/HP-Projekte-Bilder-Spezial-5.jpg 690w, https:\/\/chs-containergroup.com\/de\/wp-content\/uploads\/sites\/2\/2024\/11\/HP-Projekte-Bilder-Spezial-5-300x200.jpg 300w\" sizes=\"(max-width: 690px) 100vw, 690px\" \/><\/a><\/figure>\n\n\n\n<div class=\"wp-block-group card-body has-blue-100-background-color has-background is-vertical is-layout-flex wp-container-core-group-is-layout-8cf370e7 wp-block-group-is-layout-flex\">\n<h3 class=\"wp-block-heading h4\">Elektro Schlesinger<\/h3>\n\n\n\n<p>Elektro Schlesinger ist ein Unternehmen, das sich auf Elektroinstallationen und Elektrotechnik spezialisiert hat. Es bietet Dienstleistungen wie Hausinstallationen, Smart-Home-L\u00f6sungen und Reparaturen im Bereich Elektrik an.<\/p>\n\n\n\n<div class=\"wp-block-buttons is-layout-flex wp-block-buttons-is-layout-flex\">\n<div class=\"wp-block-button\"><a class=\"btn btn-primary wp-element-button\" href=\"https:\/\/www.elektro-schlesinger.de\" target=\"_blank\" rel=\"noreferrer noopener\">Zur Website<\/a><\/div>\n<\/div>\n<\/div>\n<\/div>\n\n\n\n<div class=\"wp-block-group card is-vertical is-content-justification-stretch is-nowrap is-layout-flex wp-container-core-group-is-layout-41f9fede wp-block-group-is-layout-flex\">\n<figure class=\"wp-block-image size-full card-header\"><a href=\"https:\/\/www.hoffmann-group.com\" target=\"_blank\" rel=\"noopener\"><img decoding=\"async\" width=\"690\" height=\"460\" src=\"https:\/\/chs-containergroup.com\/de\/wp-content\/uploads\/sites\/2\/2024\/11\/HP-Projekte-Bilder-Spezial-7.jpg\" alt=\"Partner Hoffmann Group\" class=\"wp-image-1580\" srcset=\"https:\/\/chs-containergroup.com\/de\/wp-content\/uploads\/sites\/2\/2024\/11\/HP-Projekte-Bilder-Spezial-7.jpg 690w, https:\/\/chs-containergroup.com\/de\/wp-content\/uploads\/sites\/2\/2024\/11\/HP-Projekte-Bilder-Spezial-7-300x200.jpg 300w\" sizes=\"(max-width: 690px) 100vw, 690px\" \/><\/a><\/figure>\n\n\n\n<div class=\"wp-block-group card-body has-blue-100-background-color has-background is-vertical is-layout-flex wp-container-core-group-is-layout-8cf370e7 wp-block-group-is-layout-flex\">\n<h3 class=\"wp-block-heading h4\">Hoffmann Group<\/h3>\n\n\n\n<p>Die Hoffmann Group ist ein europ\u00e4ischer Marktf\u00fchrer f\u00fcr Qualit\u00e4tswerkzeuge, Betriebseinrichtungen und pers\u00f6nliche Schutzausr\u00fcstung. Das Unternehmen bietet ein breites Sortiment, darunter die Eigenmarken GARANT und HOLEX, und ist in \u00fcber 50 L\u00e4ndern vertreten.<\/p>\n\n\n\n<div class=\"wp-block-buttons is-layout-flex wp-block-buttons-is-layout-flex\">\n<div class=\"wp-block-button\"><a class=\"btn btn-primary wp-element-button\" href=\"https:\/\/www.hoffmann-group.de\/DE\/de\/hom\/\" target=\"_blank\" rel=\"noreferrer noopener\">Zur Website<\/a><\/div>\n<\/div>\n<\/div>\n<\/div>\n\n\n\n<div class=\"wp-block-group card is-vertical is-content-justification-stretch is-nowrap is-layout-flex wp-container-core-group-is-layout-41f9fede wp-block-group-is-layout-flex\">\n<figure class=\"wp-block-image size-full card-header\"><a href=\"https:\/\/www.jade-weser-logistik.de\" target=\"_blank\" rel=\"noopener\"><img decoding=\"async\" width=\"690\" height=\"460\" src=\"https:\/\/chs-containergroup.com\/de\/wp-content\/uploads\/sites\/2\/2024\/11\/HP-Projekte-Bilder-Spezial-8.jpg\" alt=\"Partner Jade-Weser-Logistik\" class=\"wp-image-1582\" srcset=\"https:\/\/chs-containergroup.com\/de\/wp-content\/uploads\/sites\/2\/2024\/11\/HP-Projekte-Bilder-Spezial-8.jpg 690w, https:\/\/chs-containergroup.com\/de\/wp-content\/uploads\/sites\/2\/2024\/11\/HP-Projekte-Bilder-Spezial-8-300x200.jpg 300w\" sizes=\"(max-width: 690px) 100vw, 690px\" \/><\/a><\/figure>\n\n\n\n<div class=\"wp-block-group card-body has-blue-100-background-color has-background is-vertical is-layout-flex wp-container-core-group-is-layout-8cf370e7 wp-block-group-is-layout-flex\">\n<h3 class=\"wp-block-heading h4\">Jade-Weser-Logistik GmbH<\/h3>\n\n\n\n<p>Jade-Weser Logistik GmbH ist ein Dienstleistungsunternehmen mit Schwerpunkt auf Seehafenlogistik, Containerhandel und -vermietung sowie Lagerung von Projekt- und Offshoreladungen. <\/p>\n\n\n\n<div class=\"wp-block-buttons is-layout-flex wp-block-buttons-is-layout-flex\">\n<div class=\"wp-block-button\"><a class=\"btn btn-primary wp-element-button\" href=\"https:\/\/www.jade-weser-logistik.de\/containerhandel-und-seehafen.html\" target=\"_blank\" rel=\"noreferrer noopener\">Zur Website<\/a><\/div>\n<\/div>\n<\/div>\n<\/div>\n\n\n\n<div class=\"wp-block-group card is-vertical is-content-justification-stretch is-nowrap is-layout-flex wp-container-core-group-is-layout-41f9fede wp-block-group-is-layout-flex\">\n<figure class=\"wp-block-image size-full card-header\"><a href=\"https:\/\/www.nortruck.de\/\" target=\"_blank\" rel=\"noopener\"><img loading=\"lazy\" decoding=\"async\" width=\"690\" height=\"460\" src=\"https:\/\/chs-containergroup.com\/de\/wp-content\/uploads\/sites\/2\/2024\/11\/HP-Projekte-Bilder-Spezial-9.jpg\" alt=\"Partner NORTRUCK GmbH\" class=\"wp-image-1584\" srcset=\"https:\/\/chs-containergroup.com\/de\/wp-content\/uploads\/sites\/2\/2024\/11\/HP-Projekte-Bilder-Spezial-9.jpg 690w, https:\/\/chs-containergroup.com\/de\/wp-content\/uploads\/sites\/2\/2024\/11\/HP-Projekte-Bilder-Spezial-9-300x200.jpg 300w\" sizes=\"(max-width: 690px) 100vw, 690px\" \/><\/a><\/figure>\n\n\n\n<div class=\"wp-block-group card-body has-blue-100-background-color has-background is-vertical is-layout-flex wp-container-core-group-is-layout-8cf370e7 wp-block-group-is-layout-flex\">\n<h3 class=\"wp-block-heading h4\">NORTRUCK GmbH<\/h3>\n\n\n\n<p>Die Nortruck GmbH mit Sitz in Bremen ist spezialisiert auf den Handel mit gebrauchten und neuen Gabelstaplern sowie Arbeitsb\u00fchnen. Das Unternehmen bietet zudem Mietstapler, Reparaturservice und Ersatzteile f\u00fcr die Region.<\/p>\n\n\n\n<div class=\"wp-block-buttons is-layout-flex wp-block-buttons-is-layout-flex\">\n<div class=\"wp-block-button\"><a class=\"btn btn-primary wp-element-button\" href=\"https:\/\/www.nortruck.de\" target=\"_blank\" rel=\"noreferrer noopener\">Zur Website<\/a><\/div>\n<\/div>\n<\/div>\n<\/div>\n\n\n\n<div class=\"wp-block-group card is-vertical is-content-justification-stretch is-nowrap is-layout-flex wp-container-core-group-is-layout-41f9fede wp-block-group-is-layout-flex\">\n<figure class=\"wp-block-image size-full card-header\"><a href=\"https:\/\/www.reesa.de\" target=\"_blank\" rel=\"noopener\"><img loading=\"lazy\" decoding=\"async\" width=\"690\" height=\"460\" src=\"https:\/\/chs-containergroup.com\/de\/wp-content\/uploads\/sites\/2\/2024\/11\/HP-Projekte-Bilder-Spezial-10.jpg\" alt=\"Partner Suding und Soeken\" class=\"wp-image-1586\" srcset=\"https:\/\/chs-containergroup.com\/de\/wp-content\/uploads\/sites\/2\/2024\/11\/HP-Projekte-Bilder-Spezial-10.jpg 690w, https:\/\/chs-containergroup.com\/de\/wp-content\/uploads\/sites\/2\/2024\/11\/HP-Projekte-Bilder-Spezial-10-300x200.jpg 300w\" sizes=\"(max-width: 690px) 100vw, 690px\" \/><\/a><\/figure>\n\n\n\n<div class=\"wp-block-group card-body has-blue-100-background-color has-background is-vertical is-layout-flex wp-container-core-group-is-layout-8cf370e7 wp-block-group-is-layout-flex\">\n<h3 class=\"wp-block-heading h4\">Suding &amp; Soeken GmbH &amp; Co. KG<\/h3>\n\n\n\n<p>Suding &amp; Soeken GmbH &amp; Co. KG ist ein traditionsreiches Bremer Unternehmen, das seit 1888 hochwertige Farben und Lacke herstellt. Unter der Marke REESA bietet es Produkte f\u00fcr Bauanwendungen, Industrielacke und Autoreparaturlacke an.<\/p>\n\n\n\n<div class=\"wp-block-buttons is-layout-flex wp-block-buttons-is-layout-flex\">\n<div class=\"wp-block-button\"><a class=\"btn btn-primary wp-element-button\" href=\"https:\/\/www.reesa.de\" target=\"_blank\" rel=\"noreferrer noopener\">Zur Website<\/a><\/div>\n<\/div>\n<\/div>\n<\/div>\n<\/div>\n\n\n\n<h3 class=\"wp-block-heading\">Verb\u00e4nde, Vereinigungen und Vertretungen<\/h3>\n\n\n\n<div class=\"wp-block-group card-grid is-layout-grid wp-container-core-group-is-layout-baef362d wp-block-group-is-layout-grid\">\n<div class=\"wp-block-group card is-vertical is-content-justification-stretch is-nowrap is-layout-flex wp-container-core-group-is-layout-41f9fede wp-block-group-is-layout-flex\">\n<figure class=\"wp-block-image size-full card-header\"><a href=\"https:\/\/bhv-bremen.de\/\" target=\"_blank\" rel=\"noopener\"><img loading=\"lazy\" decoding=\"async\" width=\"690\" height=\"460\" src=\"https:\/\/chs-containergroup.com\/de\/wp-content\/uploads\/sites\/2\/2024\/11\/HP-Projekte-Bilder-Spezial-11.jpg\" alt=\"Partner Bremische Hafenvertretung\" class=\"wp-image-1591\" srcset=\"https:\/\/chs-containergroup.com\/de\/wp-content\/uploads\/sites\/2\/2024\/11\/HP-Projekte-Bilder-Spezial-11.jpg 690w, https:\/\/chs-containergroup.com\/de\/wp-content\/uploads\/sites\/2\/2024\/11\/HP-Projekte-Bilder-Spezial-11-300x200.jpg 300w\" sizes=\"(max-width: 690px) 100vw, 690px\" \/><\/a><\/figure>\n\n\n\n<div class=\"wp-block-group card-body has-blue-100-background-color has-background is-vertical is-layout-flex wp-container-core-group-is-layout-8cf370e7 wp-block-group-is-layout-flex\">\n<h3 class=\"wp-block-heading h4\">Bremische Hafenvertretung e.V.<\/h3>\n\n\n\n<p>Die Bremische Hafenvertretung e.V. (BHV) ist ein Verband, der rund 250 Unternehmen aus den Bereichen Hafenwirtschaft, Logistik und Transport in Bremen und Bremerhaven vertritt. Sie f\u00f6rdert die Interessen der Hafenwirtschaft und den Austausch innerhalb der Branche und bietet eine Plattform.<\/p>\n\n\n\n<div class=\"wp-block-buttons is-layout-flex wp-block-buttons-is-layout-flex\">\n<div class=\"wp-block-button\"><a class=\"btn btn-primary wp-element-button\" href=\"https:\/\/bhv-bremen.de\" target=\"_blank\" rel=\"noreferrer noopener\">Zur Website<\/a><\/div>\n<\/div>\n<\/div>\n<\/div>\n\n\n\n<div class=\"wp-block-group card is-vertical is-content-justification-stretch is-nowrap is-layout-flex wp-container-core-group-is-layout-41f9fede wp-block-group-is-layout-flex\">\n<figure class=\"wp-block-image size-full card-header\"><a href=\"https:\/\/www.bremenports.de\/\" target=\"_blank\" rel=\"noopener\"><img loading=\"lazy\" decoding=\"async\" width=\"690\" height=\"460\" src=\"https:\/\/chs-containergroup.com\/de\/wp-content\/uploads\/sites\/2\/2024\/11\/HP-Projekte-Bilder-Spezial-12.jpg\" alt=\"Partner bremenports\" class=\"wp-image-1593\" srcset=\"https:\/\/chs-containergroup.com\/de\/wp-content\/uploads\/sites\/2\/2024\/11\/HP-Projekte-Bilder-Spezial-12.jpg 690w, https:\/\/chs-containergroup.com\/de\/wp-content\/uploads\/sites\/2\/2024\/11\/HP-Projekte-Bilder-Spezial-12-300x200.jpg 300w\" sizes=\"(max-width: 690px) 100vw, 690px\" \/><\/a><\/figure>\n\n\n\n<div class=\"wp-block-group card-body has-blue-100-background-color has-background is-vertical is-layout-flex wp-container-core-group-is-layout-8cf370e7 wp-block-group-is-layout-flex\">\n<h3 class=\"wp-block-heading h4\">Bremenports GmbH &amp; Co. KG<\/h3>\n\n\n\n<p>Bremenports ist f\u00fcr die Verwaltung der Infrastruktur der H\u00e4fen Bremen und Bremerhaven verantwortlich. Das Unternehmen k\u00fcmmert sich um die Entwicklung, Planung, den Bau und die Wartung der Hafenanlagen und sorgt daf\u00fcr, dass die H\u00e4fen f\u00fcr eine breite Palette an G\u00fctern wie Container, Autos und Sch\u00fcttg\u00fcter gut aufgestellt sind. <\/p>\n\n\n\n<div class=\"wp-block-buttons is-layout-flex wp-block-buttons-is-layout-flex\">\n<div class=\"wp-block-button\"><a class=\"btn btn-primary wp-element-button\" href=\"https:\/\/www.bremenports.de\" target=\"_blank\" rel=\"noreferrer noopener\">Zur Website<\/a><\/div>\n<\/div>\n<\/div>\n<\/div>\n\n\n\n<div class=\"wp-block-group card is-vertical is-content-justification-stretch is-nowrap is-layout-flex wp-container-core-group-is-layout-41f9fede wp-block-group-is-layout-flex\">\n<figure class=\"wp-block-image size-full card-header\"><a href=\"https:\/\/www.bcsb.org\/de\/\" target=\"_blank\" rel=\"noopener\"><img loading=\"lazy\" decoding=\"async\" width=\"690\" height=\"460\" src=\"https:\/\/chs-containergroup.com\/de\/wp-content\/uploads\/sites\/2\/2024\/11\/HP-Projekte-Bilder-Spezial-13.jpg\" alt=\"Partner BCSB\" class=\"wp-image-1595\" srcset=\"https:\/\/chs-containergroup.com\/de\/wp-content\/uploads\/sites\/2\/2024\/11\/HP-Projekte-Bilder-Spezial-13.jpg 690w, https:\/\/chs-containergroup.com\/de\/wp-content\/uploads\/sites\/2\/2024\/11\/HP-Projekte-Bilder-Spezial-13-300x200.jpg 300w\" sizes=\"(max-width: 690px) 100vw, 690px\" \/><\/a><\/figure>\n\n\n\n<div class=\"wp-block-group card-body has-blue-100-background-color has-background is-vertical is-layout-flex wp-container-core-group-is-layout-8cf370e7 wp-block-group-is-layout-flex\">\n<h3 class=\"wp-block-heading h4\">B.C.S.B Bundesverband der Container-Servicebetriebe e.V.<\/h3>\n\n\n\n<p>Der B.C.S.B. ist ein Zusammenschluss von Unternehmen, die Dienstleistungen rund um Container anbieten. Der Verband f\u00f6rdert den Erfahrungsaustausch unter seinen Mitgliedern und sorgt f\u00fcr die Einhaltung hoher Qualit\u00e4tsstandards in der Inspektion, Reparatur, Lagerung und dem Handel von Seecontainern. <\/p>\n\n\n\n<div class=\"wp-block-buttons is-layout-flex wp-block-buttons-is-layout-flex\">\n<div class=\"wp-block-button\"><a class=\"btn btn-primary wp-element-button\" href=\"https:\/\/www.bcsb.org\/de\" target=\"_blank\" rel=\"noreferrer noopener\">Zur Website<\/a><\/div>\n<\/div>\n<\/div>\n<\/div>\n\n\n\n<div class=\"wp-block-group card is-vertical is-content-justification-stretch is-nowrap is-layout-flex wp-container-core-group-is-layout-41f9fede wp-block-group-is-layout-flex\">\n<figure class=\"wp-block-image size-full card-header\"><a href=\"https:\/\/www.ish-bremen.de\/\" target=\"_blank\" rel=\"noopener\"><img loading=\"lazy\" decoding=\"async\" width=\"690\" height=\"460\" src=\"https:\/\/chs-containergroup.com\/de\/wp-content\/uploads\/sites\/2\/2024\/11\/HP-Projekte-Bilder-Spezial-14.jpg\" alt=\"Partner ISH\" class=\"wp-image-1597\" srcset=\"https:\/\/chs-containergroup.com\/de\/wp-content\/uploads\/sites\/2\/2024\/11\/HP-Projekte-Bilder-Spezial-14.jpg 690w, https:\/\/chs-containergroup.com\/de\/wp-content\/uploads\/sites\/2\/2024\/11\/HP-Projekte-Bilder-Spezial-14-300x200.jpg 300w\" sizes=\"(max-width: 690px) 100vw, 690px\" \/><\/a><\/figure>\n\n\n\n<div class=\"wp-block-group card-body has-blue-100-background-color has-background is-vertical is-layout-flex wp-container-core-group-is-layout-8cf370e7 wp-block-group-is-layout-flex\">\n<h3 class=\"wp-block-heading h4\">Initiative Stadtbremische H\u00e4fen e.V.<\/h3>\n\n\n\n<p>Die <strong>ISH<\/strong> ist ein Zusammenschluss von Unternehmen, die sich f\u00fcr die Entwicklung und F\u00f6rderung der Hafenwirtschaft in Bremen engagieren. Ihr Ziel ist es unteranderem, den Standort der Stadtbremischen H\u00e4fen als bedeutenden industriellen und logistischen Knotenpunkt zu st\u00e4rken.<\/p>\n\n\n\n<div class=\"wp-block-buttons is-layout-flex wp-block-buttons-is-layout-flex\">\n<div class=\"wp-block-button\"><a class=\"btn btn-primary wp-element-button\" href=\"https:\/\/www.ish-bremen.de\" target=\"_blank\" rel=\"noreferrer noopener\">Zur Website<\/a><\/div>\n<\/div>\n<\/div>\n<\/div>\n\n\n\n<div class=\"wp-block-group card is-vertical is-content-justification-stretch is-nowrap is-layout-flex wp-container-core-group-is-layout-41f9fede wp-block-group-is-layout-flex\">\n<figure class=\"wp-block-image size-full card-header\"><a href=\"https:\/\/www.svg-bremen.de\/\" target=\"_blank\" rel=\"noopener\"><img loading=\"lazy\" decoding=\"async\" width=\"690\" height=\"460\" src=\"https:\/\/chs-containergroup.com\/de\/wp-content\/uploads\/sites\/2\/2024\/11\/HP-Projekte-Bilder-Spezial-15.jpg\" alt=\"Partner SVG\" class=\"wp-image-1599\" srcset=\"https:\/\/chs-containergroup.com\/de\/wp-content\/uploads\/sites\/2\/2024\/11\/HP-Projekte-Bilder-Spezial-15.jpg 690w, https:\/\/chs-containergroup.com\/de\/wp-content\/uploads\/sites\/2\/2024\/11\/HP-Projekte-Bilder-Spezial-15-300x200.jpg 300w\" sizes=\"(max-width: 690px) 100vw, 690px\" \/><\/a><\/figure>\n\n\n\n<div class=\"wp-block-group card-body has-blue-100-background-color has-background is-vertical is-layout-flex wp-container-core-group-is-layout-8cf370e7 wp-block-group-is-layout-flex\">\n<h3 class=\"wp-block-heading h4\">SVG Bremen eG<\/h3>\n\n\n\n<p>Die SVG Bremen eG ist eine genossenschaftlich organisierte Verkehrs- und Logistikgesellschaft, die seit \u00fcber 70 Jahren als zuverl\u00e4ssiger Partner f\u00fcr Unternehmen im Bereich Transport und Logistik t\u00e4tig ist. Sie bietet umfangreiche Dienstleistungen wie Aus- und Weiterbildungen f\u00fcr Berufskraftfahrer sowie Beratungsservices rund um Verkehrs- und Transportrecht. <\/p>\n\n\n\n<div class=\"wp-block-buttons is-layout-flex wp-block-buttons-is-layout-flex\">\n<div class=\"wp-block-button\"><a class=\"btn btn-primary wp-element-button\" href=\"https:\/\/www.svg-bremen.de\" target=\"_blank\" rel=\"noreferrer noopener\">Zur Website<\/a><\/div>\n<\/div>\n<\/div>\n<\/div>\n\n\n\n<div class=\"wp-block-group card is-vertical is-content-justification-stretch is-nowrap is-layout-flex wp-container-core-group-is-layout-41f9fede wp-block-group-is-layout-flex\">\n<figure class=\"wp-block-image size-full card-header\"><a href=\"https:\/\/vbsp.de\/\" target=\"_blank\" rel=\"noopener\"><img loading=\"lazy\" decoding=\"async\" width=\"690\" height=\"460\" src=\"https:\/\/chs-containergroup.com\/de\/wp-content\/uploads\/sites\/2\/2024\/11\/HP-Projekte-Bilder-Spezial-16.jpg\" alt=\"Partner Verein Bremer Spediteure\" class=\"wp-image-1601\" srcset=\"https:\/\/chs-containergroup.com\/de\/wp-content\/uploads\/sites\/2\/2024\/11\/HP-Projekte-Bilder-Spezial-16.jpg 690w, https:\/\/chs-containergroup.com\/de\/wp-content\/uploads\/sites\/2\/2024\/11\/HP-Projekte-Bilder-Spezial-16-300x200.jpg 300w\" sizes=\"(max-width: 690px) 100vw, 690px\" \/><\/a><\/figure>\n\n\n\n<div class=\"wp-block-group card-body has-blue-100-background-color has-background is-vertical is-layout-flex wp-container-core-group-is-layout-8cf370e7 wp-block-group-is-layout-flex\">\n<h3 class=\"wp-block-heading h4\">Verein Bremer Spediteure e.V.<\/h3>\n\n\n\n<p>Der <strong>Verein Bremer Spediteure e.V.<\/strong> wurde 1901 gegr\u00fcndet und vertritt die Interessen der Speditions- und Logistikunternehmen in Bremen und Bremerhaven. Mit rund 200 Mitgliedsunternehmen und etwa 5.000 Besch\u00e4ftigten ist der Verein ein bedeutender Akteur in der Branche. <\/p>\n\n\n\n<div class=\"wp-block-buttons is-layout-flex wp-block-buttons-is-layout-flex\">\n<div class=\"wp-block-button\"><a class=\"btn btn-primary wp-element-button\" href=\"https:\/\/vbsp.de\" target=\"_blank\" rel=\"noreferrer noopener\">Zur Website<\/a><\/div>\n<\/div>\n<\/div>\n<\/div>\n\n\n\n<div class=\"wp-block-group card is-vertical is-content-justification-stretch is-nowrap is-layout-flex wp-container-core-group-is-layout-41f9fede wp-block-group-is-layout-flex\">\n<figure class=\"wp-block-image size-full card-header\"><a href=\"https:\/\/www.smv-bremen.de\/\" target=\"_blank\" rel=\"noopener\"><img loading=\"lazy\" decoding=\"async\" width=\"690\" height=\"460\" src=\"https:\/\/chs-containergroup.com\/de\/wp-content\/uploads\/sites\/2\/2024\/11\/HP-Projekte-Bilder-Spezial-18.jpg\" alt=\"Partner Schiffsmakler-Vereinigung f\u00fcr K\u00fcsten- und Seeschiffsbefrachter e.V.\" class=\"wp-image-1605\" srcset=\"https:\/\/chs-containergroup.com\/de\/wp-content\/uploads\/sites\/2\/2024\/11\/HP-Projekte-Bilder-Spezial-18.jpg 690w, https:\/\/chs-containergroup.com\/de\/wp-content\/uploads\/sites\/2\/2024\/11\/HP-Projekte-Bilder-Spezial-18-300x200.jpg 300w\" sizes=\"(max-width: 690px) 100vw, 690px\" \/><\/a><\/figure>\n\n\n\n<div class=\"wp-block-group card-body has-blue-100-background-color has-background is-vertical is-layout-flex wp-container-core-group-is-layout-8cf370e7 wp-block-group-is-layout-flex\">\n<h3 class=\"wp-block-heading h4\">Vereinigung Bremer Schiffsmakler und Schiffsagenten e.V.<\/h3>\n\n\n\n<p>Die Vereinigung Bremer Schiffsmakler und Schiffsagenten e.V. (SMV Bremen) ist ein Branchenverband, der die Interessen von Schiffsmaklern und Schiffsagenten im Raum Bremen und Bremerhaven vertritt. <\/p>\n\n\n\n<div class=\"wp-block-buttons is-layout-flex wp-block-buttons-is-layout-flex\">\n<div class=\"wp-block-button\"><a class=\"btn btn-primary wp-element-button\" href=\"https:\/\/www.smv-bremen.de\" target=\"_blank\" rel=\"noreferrer noopener\">Zur Website<\/a><\/div>\n<\/div>\n<\/div>\n<\/div>\n\n\n\n<div class=\"wp-block-group card is-vertical is-content-justification-stretch is-nowrap is-layout-flex wp-container-core-group-is-layout-41f9fede wp-block-group-is-layout-flex\">\n<figure class=\"wp-block-image size-full card-header\"><a href=\"https:\/\/www.wab.net\" target=\"_blank\" rel=\"noopener\"><img loading=\"lazy\" decoding=\"async\" width=\"690\" height=\"460\" src=\"https:\/\/chs-containergroup.com\/de\/wp-content\/uploads\/sites\/2\/2024\/11\/HP-Projekte-Bilder-Spezial-19.jpg\" alt=\"Partner WAB\" class=\"wp-image-1607\" srcset=\"https:\/\/chs-containergroup.com\/de\/wp-content\/uploads\/sites\/2\/2024\/11\/HP-Projekte-Bilder-Spezial-19.jpg 690w, https:\/\/chs-containergroup.com\/de\/wp-content\/uploads\/sites\/2\/2024\/11\/HP-Projekte-Bilder-Spezial-19-300x200.jpg 300w\" sizes=\"(max-width: 690px) 100vw, 690px\" \/><\/a><\/figure>\n\n\n\n<div class=\"wp-block-group card-body has-blue-100-background-color has-background is-vertical is-layout-flex wp-container-core-group-is-layout-8cf370e7 wp-block-group-is-layout-flex\">\n<h3 class=\"wp-block-heading h4\">Windenergie-Agentur WAB<\/h3>\n\n\n\n<p>Die <strong>Windenergie-Agentur WAB e.V.<\/strong> ist ein f\u00fchrendes Netzwerk f\u00fcr die Windenergiebranche in Deutschland, mit besonderem Fokus auf Offshore- und Onshore-Windkraft sowie die Entwicklung von gr\u00fcnem Wasserstoff. <\/p>\n\n\n\n<div class=\"wp-block-buttons is-layout-flex wp-block-buttons-is-layout-flex\">\n<div class=\"wp-block-button\"><a class=\"btn btn-primary wp-element-button\" href=\"https:\/\/www.wab.net\" target=\"_blank\" rel=\"noreferrer noopener\">Zur Website<\/a><\/div>\n<\/div>\n<\/div>\n<\/div>\n\n\n\n<div class=\"wp-block-group card is-vertical is-content-justification-stretch is-nowrap is-layout-flex wp-container-core-group-is-layout-41f9fede wp-block-group-is-layout-flex\">\n<figure class=\"wp-block-image size-full card-header\"><a href=\"https:\/\/www.kunsthalle-bremen.de\/de\" target=\"_blank\" rel=\"noopener\"><img loading=\"lazy\" decoding=\"async\" width=\"1629\" height=\"1086\" src=\"https:\/\/chs-containergroup.com\/de\/wp-content\/uploads\/sites\/2\/2025\/08\/Design-ohne-Titel-2025-08-08T070829.244.jpg\" alt=\"\" class=\"wp-image-2561\" srcset=\"https:\/\/chs-containergroup.com\/de\/wp-content\/uploads\/sites\/2\/2025\/08\/Design-ohne-Titel-2025-08-08T070829.244.jpg 1629w, https:\/\/chs-containergroup.com\/de\/wp-content\/uploads\/sites\/2\/2025\/08\/Design-ohne-Titel-2025-08-08T070829.244-300x200.jpg 300w, https:\/\/chs-containergroup.com\/de\/wp-content\/uploads\/sites\/2\/2025\/08\/Design-ohne-Titel-2025-08-08T070829.244-1024x683.jpg 1024w, https:\/\/chs-containergroup.com\/de\/wp-content\/uploads\/sites\/2\/2025\/08\/Design-ohne-Titel-2025-08-08T070829.244-768x512.jpg 768w, https:\/\/chs-containergroup.com\/de\/wp-content\/uploads\/sites\/2\/2025\/08\/Design-ohne-Titel-2025-08-08T070829.244-1536x1024.jpg 1536w\" sizes=\"(max-width: 1629px) 100vw, 1629px\" \/><\/a><\/figure>\n\n\n\n<div class=\"wp-block-group card-body has-blue-100-background-color has-background is-vertical is-layout-flex wp-container-core-group-is-layout-8cf370e7 wp-block-group-is-layout-flex\">\n<h3 class=\"wp-block-heading h4\">Windenergie-Agentur WAB<\/h3>\n\n\n\n<p>Die <strong>Kunsthalle Bremen<\/strong> ist eines der bedeutendsten Kunstmuseen Deutschlands und liegt zentral am Bremer Wall, nur wenige Gehminuten vom Marktplatz entfernt. Sie wurde 1823 vom Kunstverein in Bremen gegr\u00fcndet, der bis heute Eigent\u00fcmer und Tr\u00e4ger des Hauses ist \u2013 eine in Deutschland einzigartige Form privater Museumsf\u00fchrung.<\/p>\n\n\n\n<div class=\"wp-block-buttons is-layout-flex wp-block-buttons-is-layout-flex\">\n<div class=\"wp-block-button\"><a class=\"btn btn-primary wp-element-button\" href=\"https:\/\/www.kunsthalle-bremen.de\/de\" target=\"_blank\" rel=\"noreferrer noopener\">Zur Website<\/a><\/div>\n<\/div>\n<\/div>\n<\/div>\n<\/div>\n\n\n\n<h3 class=\"wp-block-heading\">Qualifizierung<\/h3>\n\n\n\n<div class=\"wp-block-group card-grid is-layout-grid wp-container-core-group-is-layout-baef362d wp-block-group-is-layout-grid\">\n<div class=\"wp-block-group card is-vertical is-content-justification-stretch is-nowrap is-layout-flex wp-container-core-group-is-layout-41f9fede wp-block-group-is-layout-flex\">\n<figure class=\"wp-block-image size-full card-header\"><a href=\"https:\/\/bs-gav.de\/\" target=\"_blank\" rel=\"noopener\"><img loading=\"lazy\" decoding=\"async\" width=\"690\" height=\"460\" src=\"https:\/\/chs-containergroup.com\/de\/wp-content\/uploads\/sites\/2\/2024\/11\/HP-Projekte-Bilder-Spezial-20.jpg\" alt=\"Partner BSGA\" class=\"wp-image-1611\" srcset=\"https:\/\/chs-containergroup.com\/de\/wp-content\/uploads\/sites\/2\/2024\/11\/HP-Projekte-Bilder-Spezial-20.jpg 690w, https:\/\/chs-containergroup.com\/de\/wp-content\/uploads\/sites\/2\/2024\/11\/HP-Projekte-Bilder-Spezial-20-300x200.jpg 300w\" sizes=\"(max-width: 690px) 100vw, 690px\" \/><\/a><\/figure>\n\n\n\n<div class=\"wp-block-group card-body has-blue-100-background-color has-background is-vertical is-layout-flex wp-container-core-group-is-layout-8cf370e7 wp-block-group-is-layout-flex\">\n<h3 class=\"wp-block-heading h4\">Berufsschule f\u00fcr den Gro\u00dfhandel, Au\u00dfenhandel und Verkehr, Bremen<\/h3>\n\n\n\n<p>Die Berufsschule f\u00fcr den Gro\u00dfhandel, Au\u00dfenhandel und Verkehr in Bremen (BS GAV) bietet eine breite Palette an Berufsausbildungsm\u00f6glichkeiten in Bereichen wie Spedition, Schifffahrt, Fachkraft im Fahrbetrieb und Au\u00dfenhandel. <\/p>\n\n\n\n<div class=\"wp-block-buttons is-layout-flex wp-block-buttons-is-layout-flex\">\n<div class=\"wp-block-button\"><a class=\"btn btn-primary wp-element-button\" href=\"https:\/\/bs-gav.de\" target=\"_blank\" rel=\"noreferrer noopener\">Zur Website<\/a><\/div>\n<\/div>\n<\/div>\n<\/div>\n\n\n\n<div class=\"wp-block-group card is-vertical is-content-justification-stretch is-nowrap is-layout-flex wp-container-core-group-is-layout-41f9fede wp-block-group-is-layout-flex\">\n<figure class=\"wp-block-image size-full card-header\"><a href=\"https:\/\/www.bbs-syke.de\/\" target=\"_blank\" rel=\"noopener\"><img loading=\"lazy\" decoding=\"async\" width=\"690\" height=\"460\" src=\"https:\/\/chs-containergroup.com\/de\/wp-content\/uploads\/sites\/2\/2024\/11\/HP-Projekte-Bilder-Spezial-21.jpg\" alt=\"Partner BBS Syke\" class=\"wp-image-1613\" srcset=\"https:\/\/chs-containergroup.com\/de\/wp-content\/uploads\/sites\/2\/2024\/11\/HP-Projekte-Bilder-Spezial-21.jpg 690w, https:\/\/chs-containergroup.com\/de\/wp-content\/uploads\/sites\/2\/2024\/11\/HP-Projekte-Bilder-Spezial-21-300x200.jpg 300w\" sizes=\"(max-width: 690px) 100vw, 690px\" \/><\/a><\/figure>\n\n\n\n<div class=\"wp-block-group card-body has-blue-100-background-color has-background is-vertical is-layout-flex wp-container-core-group-is-layout-8cf370e7 wp-block-group-is-layout-flex\">\n<h3 class=\"wp-block-heading h4\">Berufsbildende Schulen Syke<\/h3>\n\n\n\n<p>Die Berufsbildenden Schulen Syke (BBS Syke) bieten eine breite Palette an Bildungsg\u00e4ngen in verschiedenen Bereichen an, wie Wirtschaft und Verwaltung, Gewerbe und Technik sowie soziale Berufe. <\/p>\n\n\n\n<div class=\"wp-block-buttons is-layout-flex wp-block-buttons-is-layout-flex\">\n<div class=\"wp-block-button\"><a class=\"btn btn-primary wp-element-button\" href=\"https:\/\/www.bbs-syke.de\" target=\"_blank\" rel=\"noreferrer noopener\">Zur Website<\/a><\/div>\n<\/div>\n<\/div>\n<\/div>\n\n\n\n<div class=\"wp-block-group card is-vertical is-content-justification-stretch is-nowrap is-layout-flex wp-container-core-group-is-layout-41f9fede wp-block-group-is-layout-flex\">\n<figure class=\"wp-block-image size-full card-header\"><a href=\"https:\/\/www.bvl.de\/\" target=\"_blank\" rel=\"noopener\"><img loading=\"lazy\" decoding=\"async\" width=\"690\" height=\"460\" src=\"https:\/\/chs-containergroup.com\/de\/wp-content\/uploads\/sites\/2\/2024\/11\/HP-Projekte-Bilder-Spezial-22.jpg\" alt=\"Partner BVL\" class=\"wp-image-1615\" srcset=\"https:\/\/chs-containergroup.com\/de\/wp-content\/uploads\/sites\/2\/2024\/11\/HP-Projekte-Bilder-Spezial-22.jpg 690w, https:\/\/chs-containergroup.com\/de\/wp-content\/uploads\/sites\/2\/2024\/11\/HP-Projekte-Bilder-Spezial-22-300x200.jpg 300w\" sizes=\"(max-width: 690px) 100vw, 690px\" \/><\/a><\/figure>\n\n\n\n<div class=\"wp-block-group card-body has-blue-100-background-color has-background is-vertical is-layout-flex wp-container-core-group-is-layout-8cf370e7 wp-block-group-is-layout-flex\">\n<h3 class=\"wp-block-heading h4\">BVL Campus GmbH<\/h3>\n\n\n\n<p>Die BVL Campus GmbH bietet spezialisierte Schulungen und Weiterbildungen im Bereich Logistik und Supply Chain Management (SCM) an. Sie bietet Seminare, Workshops und Programme zu Themen wie Lagerwirtschaft, Logistikcontrolling, Transportrecht und Zollabwicklung an. <\/p>\n\n\n\n<div class=\"wp-block-buttons is-layout-flex wp-block-buttons-is-layout-flex\">\n<div class=\"wp-block-button\"><a class=\"btn btn-primary wp-element-button\" href=\"https:\/\/www.bvl.de\" target=\"_blank\" rel=\"noreferrer noopener\">Zur Website<\/a><\/div>\n<\/div>\n<\/div>\n<\/div>\n\n\n\n<div class=\"wp-block-group card is-vertical is-content-justification-stretch is-nowrap is-layout-flex wp-container-core-group-is-layout-41f9fede wp-block-group-is-layout-flex\">\n<figure class=\"wp-block-image size-full card-header\"><a href=\"https:\/\/www.jade-hs.de\/\" target=\"_blank\" rel=\"noopener\"><img loading=\"lazy\" decoding=\"async\" width=\"690\" height=\"460\" src=\"https:\/\/chs-containergroup.com\/de\/wp-content\/uploads\/sites\/2\/2024\/11\/HP-Projekte-Bilder-Spezial-23.jpg\" alt=\"Partner Jade Hochschule\" class=\"wp-image-1617\" srcset=\"https:\/\/chs-containergroup.com\/de\/wp-content\/uploads\/sites\/2\/2024\/11\/HP-Projekte-Bilder-Spezial-23.jpg 690w, https:\/\/chs-containergroup.com\/de\/wp-content\/uploads\/sites\/2\/2024\/11\/HP-Projekte-Bilder-Spezial-23-300x200.jpg 300w\" sizes=\"(max-width: 690px) 100vw, 690px\" \/><\/a><\/figure>\n\n\n\n<div class=\"wp-block-group card-body has-blue-100-background-color has-background is-vertical is-layout-flex wp-container-core-group-is-layout-8cf370e7 wp-block-group-is-layout-flex\">\n<h3 class=\"wp-block-heading h4\">Jade Hochschule<\/h3>\n\n\n\n<p>Die Jade Hochschule ist eine \u00f6ffentliche Hochschule f\u00fcr angewandte Wissenschaften in Niedersachsen, Deutschland. Gegr\u00fcndet im Jahr 2009, entstand sie aus der Fachhochschule Oldenburg\/Ostfriesland\/Wilhelmshaven und bietet heute ein breites Spektrum an praxisorientierten Studieng\u00e4ngen an. <\/p>\n\n\n\n<div class=\"wp-block-buttons is-layout-flex wp-block-buttons-is-layout-flex\">\n<div class=\"wp-block-button\"><a class=\"btn btn-primary wp-element-button\" href=\"https:\/\/www.jade-hs.de\" target=\"_blank\" rel=\"noreferrer noopener\">Zur Website<\/a><\/div>\n<\/div>\n<\/div>\n<\/div>\n<\/div>\n\n\n\n<h3 class=\"wp-block-heading\">Fachmedien<\/h3>\n\n\n\n<div class=\"wp-block-group card-grid is-layout-grid wp-container-core-group-is-layout-baef362d wp-block-group-is-layout-grid\">\n<div class=\"wp-block-group card is-vertical is-content-justification-stretch is-nowrap is-layout-flex wp-container-core-group-is-layout-41f9fede wp-block-group-is-layout-flex\">\n<figure class=\"wp-block-image size-full card-header\"><a href=\"https:\/\/www.verkehrsrundschau.de\/\" target=\"_blank\" rel=\"noopener\"><img loading=\"lazy\" decoding=\"async\" width=\"690\" height=\"460\" src=\"https:\/\/chs-containergroup.com\/de\/wp-content\/uploads\/sites\/2\/2024\/11\/HP-Projekte-Bilder-Spezial-24.jpg\" alt=\"Partner Verkehrsrunschau\" class=\"wp-image-1619\" srcset=\"https:\/\/chs-containergroup.com\/de\/wp-content\/uploads\/sites\/2\/2024\/11\/HP-Projekte-Bilder-Spezial-24.jpg 690w, https:\/\/chs-containergroup.com\/de\/wp-content\/uploads\/sites\/2\/2024\/11\/HP-Projekte-Bilder-Spezial-24-300x200.jpg 300w\" sizes=\"(max-width: 690px) 100vw, 690px\" \/><\/a><\/figure>\n\n\n\n<div class=\"wp-block-group card-body has-blue-100-background-color has-background is-vertical is-layout-flex wp-container-core-group-is-layout-8cf370e7 wp-block-group-is-layout-flex\">\n<h3 class=\"wp-block-heading h4\">Verkehrsrundschau &#8211; Springer Fachmedien M\u00fcnchen GmbH<\/h3>\n\n\n\n<p>Die <em>Verkehrsrundschau<\/em>, herausgegeben von Springer Fachmedien M\u00fcnchen GmbH, ist eine f\u00fchrende Fachzeitschrift, die sich auf Themen der Transport-, Logistik- und Speditionsbranche konzentriert. Sie bietet umfassende Nachrichten, Analysen und Berichterstattung \u00fcber Trends und Entwicklungen in der Branche.<\/p>\n\n\n\n<div class=\"wp-block-buttons is-layout-flex wp-block-buttons-is-layout-flex\">\n<div class=\"wp-block-button\"><a class=\"btn btn-primary wp-element-button\" href=\"https:\/\/www.verkehrsrundschau.de\" target=\"_blank\" rel=\"noreferrer noopener\">Zur Website<\/a><\/div>\n<\/div>\n<\/div>\n<\/div>\n<\/div>\n\n\n\n<h3 class=\"wp-block-heading\">Kultur, Soziales und Sport<\/h3>\n\n\n\n<div class=\"wp-block-group card-grid is-layout-grid wp-container-core-group-is-layout-baef362d wp-block-group-is-layout-grid\">\n<div class=\"wp-block-group card is-vertical is-content-justification-stretch is-nowrap is-layout-flex wp-container-core-group-is-layout-41f9fede wp-block-group-is-layout-flex\">\n<figure class=\"wp-block-image size-full card-header\"><a href=\"https:\/\/overbeck-museum.de\/\" target=\"_blank\" rel=\"noopener\"><img loading=\"lazy\" decoding=\"async\" width=\"690\" height=\"460\" src=\"https:\/\/chs-containergroup.com\/de\/wp-content\/uploads\/sites\/2\/2024\/11\/HP-Projekte-Bilder-Spezial-25.jpg\" alt=\"Partner Overbeck Museum\" class=\"wp-image-1621\" srcset=\"https:\/\/chs-containergroup.com\/de\/wp-content\/uploads\/sites\/2\/2024\/11\/HP-Projekte-Bilder-Spezial-25.jpg 690w, https:\/\/chs-containergroup.com\/de\/wp-content\/uploads\/sites\/2\/2024\/11\/HP-Projekte-Bilder-Spezial-25-300x200.jpg 300w\" sizes=\"(max-width: 690px) 100vw, 690px\" \/><\/a><\/figure>\n\n\n\n<div class=\"wp-block-group card-body has-blue-100-background-color has-background is-vertical is-layout-flex wp-container-core-group-is-layout-8cf370e7 wp-block-group-is-layout-flex\">\n<h3 class=\"wp-block-heading h4\">Verein der Freunde des Overbeck-Museums e.V.<\/h3>\n\n\n\n<p>Der Verein der Freunde des Overbeck-Museums e.V. unterst\u00fctzt das Overbeck-Museum in Bremen und setzt sich f\u00fcr die F\u00f6rderung von Kunst und Kultur ein. Als Mitglied k\u00f6nnen Sie das Museum unterst\u00fctzen, profitieren von freiem Eintritt und Erm\u00e4\u00dfigungen bei Veranstaltungen und Kunstreisen. <\/p>\n\n\n\n<div class=\"wp-block-buttons is-layout-flex wp-block-buttons-is-layout-flex\">\n<div class=\"wp-block-button\"><a class=\"btn btn-primary wp-element-button\" href=\"https:\/\/overbeck-museum.de\" target=\"_blank\" rel=\"noopener\">Zur Website<\/a><\/div>\n<\/div>\n<\/div>\n<\/div>\n<\/div>\n","protected":false},"excerpt":{"rendered":"<p>Unser Netzwerk Wir von der CHS Container Group legen gro\u00dfen Wert auf langfristige Bindungen und ein gut funktionierendes Netzwerk. Von der Zusammenarbeit auf produktiver Ebene oder mit fachlichen Verb\u00e4nden bis hin zu sozialen und kulturellen Initiativen \u2013 wir bauen auf Vertrauen und Zuverl\u00e4ssigkeit! Partner Elektro Schlesinger Elektro Schlesinger ist ein Unternehmen, das sich auf Elektroinstallationen [&hellip;]<\/p>\n","protected":false},"author":1,"featured_media":0,"parent":671,"menu_order":0,"comment_status":"closed","ping_status":"closed","template":"","meta":{"_acf_changed":false,"inline_featured_image":false,"_angie_page":false,"footnotes":""},"class_list":["post-285","page","type-page","status-publish","hentry"],"acf":[],"_links":{"self":[{"href":"https:\/\/chs-containergroup.com\/de\/wp-json\/wp\/v2\/pages\/285","targetHints":{"allow":["GET"]}}],"collection":[{"href":"https:\/\/chs-containergroup.com\/de\/wp-json\/wp\/v2\/pages"}],"about":[{"href":"https:\/\/chs-containergroup.com\/de\/wp-json\/wp\/v2\/types\/page"}],"author":[{"embeddable":true,"href":"https:\/\/chs-containergroup.com\/de\/wp-json\/wp\/v2\/users\/1"}],"replies":[{"embeddable":true,"href":"https:\/\/chs-containergroup.com\/de\/wp-json\/wp\/v2\/comments?post=285"}],"version-history":[{"count":0,"href":"https:\/\/chs-containergroup.com\/de\/wp-json\/wp\/v2\/pages\/285\/revisions"}],"up":[{"embeddable":true,"href":"https:\/\/chs-containergroup.com\/de\/wp-json\/wp\/v2\/pages\/671"}],"wp:attachment":[{"href":"https:\/\/chs-containergroup.com\/de\/wp-json\/wp\/v2\/media?parent=285"}],"curies":[{"name":"wp","href":"https:\/\/api.w.org\/{rel}","templated":true}]}}