{"id":256,"date":"2024-09-11T12:38:39","date_gmt":"2024-09-11T10:38:39","guid":{"rendered":"https:\/\/chs-containergroup.com\/de\/?post_type=chs_container&#038;p=256"},"modified":"2025-11-27T07:52:12","modified_gmt":"2025-11-27T06:52:12","slug":"20-fuss-bulker-palettenbreit","status":"publish","type":"chs_container","link":"https:\/\/chs-containergroup.com\/de\/container\/seecontainer-lagercontainer\/palettenbreiter-container\/20-fuss-bulker-palettenbreit\/","title":{"rendered":"20 Fu\u00df Bulker palettenbreit"},"content":{"rendered":"\n<h2 class=\"wp-block-heading\">Allgemeine Beschreibung<\/h2>\n\n\n\n<p>Der 20 Fu\u00df Bulker palettenbreit ist eine spezialisierte Containerl\u00f6sung, die f\u00fcr den Transport von Sch\u00fcttg\u00fctern und bulkartigen Materialien entwickelt wurde. Mit einer Breite, die perfekt auf die Standard-EU-Paletten abgestimmt ist, erm\u00f6glicht dieser Container eine effiziente Nutzung des verf\u00fcgbaren Laderaums und maximiert die Ladekapazit\u00e4t.<\/p>\n\n\n\n<p>Dieser Bulker ist ideal f\u00fcr den Transport einer Vielzahl von trockenen Sch\u00fcttg\u00fctern wie Getreide, D\u00fcngemittel, Zucker, Kaffee und viele andere. Durch seine robuste Bauweise gew\u00e4hrleistet er den sicheren Transport und Schutz der Ladung w\u00e4hrend des gesamten Transportweges.<\/p>\n\n\n\n<h3 class=\"wp-block-heading\">Technische Daten<\/h3>\n\n\n\n<h4 class=\"wp-block-heading\">Ma\u00dfe<\/h4>\n\n\n\n<figure class=\"wp-block-table\"><table class=\"has-fixed-layout\"><thead><tr><th>Seite<\/th><th>au\u00dfen in mm<\/th><th>innen in mm<\/th><\/tr><\/thead><tbody><tr><td>L\u00e4nge<\/td><td>6.058<\/td><td>5.930<\/td><\/tr><tr><td>Breite<\/td><td>2.500<\/td><td>2.420<\/td><\/tr><tr><td>H\u00f6he<\/td><td>2.591<\/td><td>2.338<\/td><\/tr><\/tbody><\/table><\/figure>\n\n\n\n<h4 class=\"wp-block-heading\">T\u00fcr\u00f6ffnungsma\u00dfe<\/h4>\n\n\n\n<figure class=\"wp-block-table\"><table class=\"has-fixed-layout\"><thead><tr><th>Seite<\/th><th>in mm<\/th><\/tr><\/thead><tbody><tr><td>Breite<\/td><td>2.400<\/td><\/tr><tr><td>H\u00f6he<\/td><td>2.261<\/td><\/tr><\/tbody><\/table><\/figure>\n\n\n\n<p><strong>Bruttogewicht: 24.890 kg<\/strong><\/p>\n\n\n\n<p><a href=\"https:\/\/chs-containergroup.com\/de\/masstoleranzen\/\" data-type=\"page\" data-id=\"543\">Beachten Sie bitte die Ma\u00dftoleranzen!<\/a><\/p>\n\n\n\n<h3 class=\"wp-block-heading\">Optionale Zusatzleistungen<\/h3>\n\n\n\n<h4 class=\"wp-block-heading\">Entlade\u00f6ffnungen<\/h4>\n\n\n\n<p>Jeder T\u00fcrfl\u00fcgel ist mit einer Entlade\u00f6ffnung ausgestattet, die eine einfache Teilentladung erm\u00f6glicht. Bei Bedarf k\u00f6nnen Schl\u00e4uche installiert werden, um die Sch\u00fcttg\u00fcter gezielt in eine bestimmte Richtung zu lenken. Die Klappen haben Abmessungen von ca. 340 x 380 mm.<\/p>\n\n\n\n<h4 class=\"wp-block-heading\">Innenh\u00fcllen (Liner Bags)<\/h4>\n\n\n\n<p>Es besteht die M\u00f6glichkeit, spezielle Aufnahmes\u00e4cke oder Innenh\u00fcllen (Liner Bags) zu befestigen, um die Qualit\u00e4t und Sicherheit der transportierten Sch\u00fcttg\u00fcter zu gew\u00e4hrleisten.<\/p>\n\n\n\n<h4 class=\"wp-block-heading\">Staplertaschen<\/h4>\n\n\n\n<p>Einige Container sind mit Staplertaschen ausgestattet, die den Umgang und das Be- und Entladen mit Gabelstaplern erleichtern.<\/p>\n\n\n\n<h4 class=\"wp-block-heading\">Lasch\u00f6sen<\/h4>\n\n\n\n<p>An den oberen Dachl\u00e4ngstr\u00e4gern sind Lasch\u00f6sen integriert, die eine sichere Verzurrung der Ladung w\u00e4hrend des Transports erm\u00f6glichen.<\/p>\n\n\n\n<p><\/p>\n\n\n\n<div class=\"wp-block-buttons is-layout-flex wp-block-buttons-is-layout-flex\">\n<div class=\"wp-block-button\"><a class=\"btn btn-primary wp-element-button\" href=\"https:\/\/chs-containergroup.com\/de\/kontakt\/\">Container anfragen<\/a><\/div>\n<\/div>\n","protected":false},"excerpt":{"rendered":"<p>Allgemeine Beschreibung Der 20 Fu\u00df Bulker palettenbreit ist eine spezialisierte Containerl\u00f6sung, die f\u00fcr den Transport von Sch\u00fcttg\u00fctern und bulkartigen Materialien entwickelt wurde. Mit einer Breite, die perfekt auf die Standard-EU-Paletten abgestimmt ist, erm\u00f6glicht dieser Container eine effiziente Nutzung des verf\u00fcgbaren Laderaums und maximiert die Ladekapazit\u00e4t. Dieser Bulker ist ideal f\u00fcr den Transport einer Vielzahl von [&hellip;]<\/p>\n","protected":false},"menu_order":1,"template":"","chs_containertypes":[25,8],"class_list":["post-256","chs_container","type-chs_container","status-publish","hentry","chs_containertypes-palettenbreiter-container","chs_containertypes-seecontainer-lagercontainer"],"acf":[],"_links":{"self":[{"href":"https:\/\/chs-containergroup.com\/de\/wp-json\/wp\/v2\/chs_container\/256","targetHints":{"allow":["GET"]}}],"collection":[{"href":"https:\/\/chs-containergroup.com\/de\/wp-json\/wp\/v2\/chs_container"}],"about":[{"href":"https:\/\/chs-containergroup.com\/de\/wp-json\/wp\/v2\/types\/chs_container"}],"wp:attachment":[{"href":"https:\/\/chs-containergroup.com\/de\/wp-json\/wp\/v2\/media?parent=256"}],"wp:term":[{"taxonomy":"chs_containertypes","embeddable":true,"href":"https:\/\/chs-containergroup.com\/de\/wp-json\/wp\/v2\/chs_containertypes?post=256"}],"curies":[{"name":"wp","href":"https:\/\/api.w.org\/{rel}","templated":true}]}}